{"id":9,"date":"2019-02-25T10:37:11","date_gmt":"2019-02-25T10:37:11","guid":{"rendered":"http:\/\/localhost\/wordpress\/lore-demo\/?page_id=9"},"modified":"2024-02-21T00:37:25","modified_gmt":"2024-02-21T05:37:25","slug":"classic-home","status":"publish","type":"page","link":"https:\/\/bomberos.puyo.gob.ec\/2019\/","title":{"rendered":""},"content":{"rendered":"\n<p class=\"has-text-align-center has-vivid-red-color has-text-color has-large-font-size\"><strong><a href=\"https:\/\/bomberos.puyo.gob.ec\/2019\/aspirantes-a-bomberos-voluntarios\/\">ASPIRANTES A BOMBEROS VOLUNTARIOS<\/a><\/strong><\/p>\n\n\n\n<p>El Cuerpo de Bomberos Municipales del Cant\u00f3n Pastaza, con el objetivo de incrementar la capacidad operativa de respuesta a eventos adversos dentro de la jurisdicci\u00f3n de la provincia, convoca a quienes deseen ser parte del Curso de Formaci\u00f3n y capacitaci\u00f3n para Aspirantes a Bomberos Voluntarios \u2013 \u201cTercera Promoci\u00f3n\u201d. En este curso se generar\u00e1 competencias, capacidades y doctrina del personal postulante, para la prevenci\u00f3n y control de eventos adversos de competencia institucional, en el per\u00edodo comprendido en el mes de abril -mayo 2022. El programa est\u00e1 dirigido a todos los ciudadanos (hombres y mujeres) de la provincia de Pastaza que cumplan con los requisitos m\u00ednimos establecidos en la ley.<\/p>\n\n\n\n<p><a href=\"https:\/\/bomberos.puyo.gob.ec\/2019\/aspirantes-a-bomberos-voluntarios\/\">M\u00e1s informaci\u00f3n en el siguiente enlace https:\/\/bomberos.puyo.gob.ec\/2019\/aspirantes-a-bomberos-voluntarios\/<\/a><\/p>\n\n\n\n<p class=\"has-text-align-center has-large-font-size\"><strong><a href=\"https:\/\/bomberos.puyo.gob.ec\/2019\/doc\/rendicion-de-cuentas-2022\/\" data-type=\"lsvr_kba\" data-id=\"3526\">RENDICI\u00d3N DE CUENTAS DE 2022<\/a><\/strong><\/p>\n\n\n\n<p><\/p>\n\n\n\n<div class=\"is-layout-flex wp-container-4 wp-block-columns are-vertically-aligned-center\">\n<div class=\"is-layout-flow wp-block-column is-vertically-aligned-center\" style=\"flex-basis:50%\">\n<div class=\"is-layout-flow wp-block-group\"><div class=\"wp-block-group__inner-container\"><div class=\"wp-block-image is-style-default\">\n<figure class=\"aligncenter size-full is-resized\"><a href=\"mailto:rendiciondecuentascbmcp2021@puyo.gob.ec\"><img decoding=\"async\" loading=\"lazy\" src=\"https:\/\/bomberos.puyo.gob.ec\/2019\/wp-content\/uploads\/PARTICIPArc2021.png\" alt=\"\" class=\"wp-image-2244\" width=\"559\" height=\"469\" srcset=\"https:\/\/bomberos.puyo.gob.ec\/2019\/wp-content\/uploads\/PARTICIPArc2021.png 940w, https:\/\/bomberos.puyo.gob.ec\/2019\/wp-content\/uploads\/PARTICIPArc2021-700x587.png 700w, https:\/\/bomberos.puyo.gob.ec\/2019\/wp-content\/uploads\/PARTICIPArc2021-768x644.png 768w\" sizes=\"(max-width: 559px) 100vw, 559px\" \/><\/a><\/figure><\/div><\/div><\/div>\n<\/div>\n\n\n\n<div class=\"is-layout-flow wp-block-column is-vertically-aligned-center\" style=\"flex-basis:50%\"><div class=\"wp-block-image is-style-default\">\n<figure class=\"aligncenter size-large is-resized\"><a href=\"https:\/\/bomberos.puyo.gob.ec\/2019\/doc\/rendicion-de-cuentas-2022\/\"><img decoding=\"async\" loading=\"lazy\" src=\"https:\/\/bomberos.puyo.gob.ec\/2019\/wp-content\/uploads\/WhatsApp-Image-2022-03-11-at-4.44.53-PM-723x1024.jpeg\" alt=\"\" class=\"wp-image-2268\" width=\"333\" height=\"470\"\/><\/a><\/figure><\/div><\/div>\n<\/div>\n\n\n\n            <!-- LORE SITEMAP : begin -->\n            <section class=\"lsvr-lore-sitemap\"\n                >\n                <div class=\"lsvr-lore-sitemap__inner\">\n\n                    \n                        <header class=\"lsvr-lore-sitemap__header\">\n\n                            \n                                <h5 class=\"lsvr-lore-sitemap__title\">\n                                    T\u00f3picos                                <\/h5>\n\n                            \n                            \n                                <p class=\"lsvr-lore-sitemap__header-more\">\n                                    <a href=\"\/doc\"\n                                        class=\"lsvr-lore-sitemap__header-more-link c-button\">Abrir gestor documental<\/a>\n                                <\/p>\n\n                            \n                        <\/header>\n\n                    \n                    <div class=\"lsvr-lore-sitemap__content\">\n\n                        \n                            <nav class=\"lsvr-lore-sitemap__nav lsvr-lore-sitemap__nav--masonry lsvr-lore-sitemap__nav--3-cols\">\n\n                                <ul id=\"menu-menu-al-pie\" class=\"lsvr-lore-sitemap__list\" role=\"menu\">\n            \n            <li class=\"lsvr-lore-sitemap__item lsvr-lore-sitemap__item--level-0 menu-item menu-item-type-post_type menu-item-object-page menu-item-home\"\n                role=\"presentation\">\n                <div class=\"lsvr-lore-sitemap__item-inner\">\n\n                    \n                    \n                        <h3 class=\"lsvr-lore-sitemap__item-title\">\n\n                    \n                    <a href=\"https:\/\/bomberos.puyo.gob.ec\/2019\/\"\n                        class=\"lsvr-lore-sitemap__item-link lsvr-lore-sitemap__item-link--level-0\"\n                        role=\"menuitem\"\n                         title=\"\n\t\t\t\t\t\t\"                        >Inicio<\/a>\n\n                    \n                        <\/h3>\n\n                    \n            \n                <\/div>\n            <\/li>\n\n            \n            \n            \n            <li class=\"lsvr-lore-sitemap__item lsvr-lore-sitemap__item--level-0 menu-item menu-item-type-taxonomy menu-item-object-lsvr_kba_cat\"\n                role=\"presentation\">\n                <div class=\"lsvr-lore-sitemap__item-inner\">\n\n                    \n                    \n                        <h3 class=\"lsvr-lore-sitemap__item-title\">\n\n                    \n                    <a href=\"https:\/\/bomberos.puyo.gob.ec\/2019\/doc-cat\/imp-cbmcp-001-2021\/\"\n                        class=\"lsvr-lore-sitemap__item-link lsvr-lore-sitemap__item-link--level-0\"\n                        role=\"menuitem\"\n                                                >Importaciones<\/a>\n\n                    \n                        <\/h3>\n\n                    \n            \n                <\/div>\n            <\/li>\n\n            \n            \n            \n            <li class=\"lsvr-lore-sitemap__item lsvr-lore-sitemap__item--level-0 menu-item menu-item-type-custom menu-item-object-custom\"\n                role=\"presentation\">\n                <div class=\"lsvr-lore-sitemap__item-inner\">\n\n                    \n                    \n                        <h3 class=\"lsvr-lore-sitemap__item-title\">\n\n                    \n                    <a href=\"\/doc\"\n                        class=\"lsvr-lore-sitemap__item-link lsvr-lore-sitemap__item-link--level-0\"\n                        role=\"menuitem\"\n                         title=\"\n\t\t\t\t\t\t\"                        >Documentos<\/a>\n\n                    \n                        <\/h3>\n\n                    \n            \n                <\/div>\n            <\/li>\n\n            \n            \n            \n            <li class=\"lsvr-lore-sitemap__item lsvr-lore-sitemap__item--level-0 menu-item menu-item-type-custom menu-item-object-custom\"\n                role=\"presentation\">\n                <div class=\"lsvr-lore-sitemap__item-inner\">\n\n                    \n                    \n                        <h3 class=\"lsvr-lore-sitemap__item-title\">\n\n                    \n                    <a href=\"\/faq\/\"\n                        class=\"lsvr-lore-sitemap__item-link lsvr-lore-sitemap__item-link--level-0\"\n                        role=\"menuitem\"\n                         title=\"\n\t\t\t\t\t\t\"                        >FAQ<\/a>\n\n                    \n                        <\/h3>\n\n                    \n            \n                <\/div>\n            <\/li>\n\n            \n            \n            \n            <li class=\"lsvr-lore-sitemap__item lsvr-lore-sitemap__item--level-0 menu-item menu-item-type-post_type menu-item-object-page current_page_parent\"\n                role=\"presentation\">\n                <div class=\"lsvr-lore-sitemap__item-inner\">\n\n                    \n                    \n                        <h3 class=\"lsvr-lore-sitemap__item-title\">\n\n                    \n                    <a href=\"https:\/\/bomberos.puyo.gob.ec\/2019\/blog\/\"\n                        class=\"lsvr-lore-sitemap__item-link lsvr-lore-sitemap__item-link--level-0\"\n                        role=\"menuitem\"\n                         title=\"\n\t\t\t\t\t\t\"                        >Blog<\/a>\n\n                    \n                        <\/h3>\n\n                    \n            \n                <\/div>\n            <\/li>\n\n            \n            \n            \n            <li class=\"lsvr-lore-sitemap__item lsvr-lore-sitemap__item--level-0 menu-item menu-item-type-post_type menu-item-object-page\"\n                role=\"presentation\">\n                <div class=\"lsvr-lore-sitemap__item-inner\">\n\n                    \n                    \n                        <h3 class=\"lsvr-lore-sitemap__item-title\">\n\n                    \n                    <a href=\"https:\/\/bomberos.puyo.gob.ec\/2019\/demo-credits\/\"\n                        class=\"lsvr-lore-sitemap__item-link lsvr-lore-sitemap__item-link--level-0\"\n                        role=\"menuitem\"\n                         title=\"\n\t\t\t\t\t\t\"                        >Cr\u00e9ditos<\/a>\n\n                    \n                        <\/h3>\n\n                    \n            \n                <\/div>\n            <\/li>\n\n            \n                <li class=\"lsvr-lore-sitemap__item lsvr-lore-sitemap__item--cta lsvr-lore-sitemap__item--level-0\">\n                    <div class=\"lsvr-lore-sitemap__item-inner\">\n\n                        \n        <div class=\"widget lsvr-lore-cta-widget\"><div class=\"widget__inner\"><h3 class=\"widget__title\">Licitaci\u00f3n Internacional<\/h3>\n        <div class=\"widget__content\">\n\n\t\t\t\n\t\t\t\t<div class=\"lsvr-lore-cta-widget__text\">\n\t\t\t\t\t<p>FECHA L\u00cdMITE DE ENTREGA DE OFERTAS LUNES 17 DE MAYO DE 2021 HASTA LAS 10 AM<br \/>\n\u201cADQUISICI\u00d3N DE UN VEH\u00cdCULO AUTOBOMBA CONTRAINCENDIOS PARA EL CUERPO DE BOMBEROS MUNICIPAL DEL CANTON PASTAZA\u201d<\/p>\n\t\t\t\t<\/div>\n\n\t\t\t\n\t\t\t\n\t\t\t\t<p class=\"lsvr-lore-cta-widget__more\">\n\t\t\t\t\t<a href=\"https:\/\/bomberos.puyo.gob.ec\/2019\/licitacion-internacional\/\"\n\t\t\t\t\t\tclass=\"lsvr-lore-cta-widget__more-link c-button\">Leer m\u00e1s<\/a>\n\t\t\t\t<\/p>\n\n\t\t\t\n        <\/div>\n\n        <\/div><\/div>\n        \n                    <\/div>\n                <\/li>\n\n            \n            <\/ul>\n                            <\/nav>\n\n                        \n                    <\/div>\n\n                    \n                        <footer class=\"lsvr-lore-sitemap__footer\">\n\n                            <p class=\"lsvr-lore-sitemap__footer-more\">\n                                <a href=\"\/doc\"\n                                    class=\"lsvr-lore-sitemap__footer-more-link c-button\">Abrir gestor documental<\/a>\n                            <\/p>\n\n                        <\/footer>\n\n                    \n                <\/div>\n            <\/section>\n            <!-- LORE SITEMAP : end -->\n\n            \n\n\n            <!-- LORE POSTS : begin -->\n            <section class=\"lsvr-lore-posts\"\n                >\n                <div class=\"lsvr-lore-posts__inner\">\n                    <div class=\"lsvr-container\">\n                        <div class=\"lsvr-lore-posts__content\">\n\n                            \n                                <header class=\"lsvr-lore-posts__header\">\n\n                                    <h2 class=\"lsvr-lore-posts__title\">\n                                        \u00daltimas Publicaciones                                    <\/h2>\n\n                                <\/header>\n\n                            \n                            \n                                <div class=\"lsvr-grid lsvr-grid--3-cols lsvr-grid--md-2-cols lsvr-lore-posts__list\">\n\n                                    \n                                        <div class=\"lsvr-grid__col lsvr-grid__col--span-4 lsvr-grid__col--md-span-6 lsvr-lore-posts__item\">\n\n                                            <article class=\"lsvr-lore-posts__post post-3486 post type-post status-publish format-standard has-post-thumbnail hentry category-sin-categoria tag-declarado tag-incendio\">\n                                                <div class=\"lsvr-lore-posts__post-inner\">\n\n                                                    \n                                                        <p class=\"lsvr-lore-posts__post-thumbnail\">\n                                                            <a href=\"https:\/\/bomberos.puyo.gob.ec\/2019\/incendio-declarado-3\/\"\n                                                                 class=\"lsvr-lore-posts__post-thumbnail-link\">\n                                                                <img width=\"700\" height=\"487\" src=\"https:\/\/bomberos.puyo.gob.ec\/2019\/wp-content\/uploads\/1674765549_INCENDIO-DECLARADO-700x487.jpg\" class=\"attachment-medium size-medium wp-post-image\" alt=\"|INCENDIO DECLARADO|...\" decoding=\"async\" loading=\"lazy\" srcset=\"https:\/\/bomberos.puyo.gob.ec\/2019\/wp-content\/uploads\/1674765549_INCENDIO-DECLARADO-700x487.jpg 700w, https:\/\/bomberos.puyo.gob.ec\/2019\/wp-content\/uploads\/1674765549_INCENDIO-DECLARADO-1024x713.jpg 1024w, https:\/\/bomberos.puyo.gob.ec\/2019\/wp-content\/uploads\/1674765549_INCENDIO-DECLARADO-768x534.jpg 768w, https:\/\/bomberos.puyo.gob.ec\/2019\/wp-content\/uploads\/1674765549_INCENDIO-DECLARADO.jpg 1440w\" sizes=\"(max-width: 700px) 100vw, 700px\" \/>                                                            <\/a>\n                                                        <\/p>\n\n                                                    \n                                                    <header class=\"lsvr-lore-posts__post-header\">\n\n                                                        \n                                                            <p class=\"lsvr-lore-posts__post-meta\">\n\n                                                                \n                                                                    <span class=\"lsvr-lore-posts__post-meta-date\">\n                                                                        24 enero 2023                                                                    <\/span>\n\n                                                                \n                                                                \n                                                            <\/p>\n\n                                                        \n                                                        <h3 class=\"lsvr-lore-posts__post-title\">\n                                                            <a href=\"https:\/\/bomberos.puyo.gob.ec\/2019\/incendio-declarado-3\/\"\n                                                                class=\"lsvr-lore-posts__post-title-link\" rel=\"bookmark\">|INCENDIO DECLARADO|&#8230;<\/a>\n                                                        <\/h3>\n\n                                                    <\/header>\n\n                                                    \n                                                        <div class=\"lsvr-lore-posts__post-content\">\n\n                                                            <p>|INCENDIO DECLARADO|<\/p>\n<p>Por llamado del ECU-911, la unidad C2 se dirigi\u00f3 a la comunidad de San Pablo de Alishungo perteneciente a la parroquia Teniente Hugo Ortiz para verificar un posible incendio de una vivienda, una vez en el lugar se constata que la vivienda de madera hab\u00eda sido consumida por las llamas de origen desconocido en un 100%  de la estructura, se procede a realizar el respectivo trabajo de remoci\u00f3n y enfriamiento para luego revisar y asegurar el \u00e1rea dejando as\u00ed el lugar con recomendaciones.<\/p>\n<p><a href=\"https:\/\/scontent.fuio15-1.fna.fbcdn.net\/v\/t39.30808-6\/326969495_3284021065198115_8670674670224977252_n.jpg?stp=cp6_dst-jpg&#038;_nc_cat=107&#038;ccb=1-7&#038;_nc_sid=8bfeb9&#038;_nc_ohc=BPxGSFXpBvYAX9vFlNh&#038;_nc_ht=scontent.fuio15-1.fna&#038;oh=00_AfDj9_jO_ojrnzrsFKXiH8o-N9N5WT7gazLE7mhRCG2LFA&#038;oe=63D79E0F\"><img decoding=\"async\" class=\"wp_automatic_fb_img\" title=\"\" src=\"https:\/\/scontent.fuio15-1.fna.fbcdn.net\/v\/t39.30808-6\/326969495_3284021065198115_8670674670224977252_n.jpg?stp=cp6_dst-jpg&#038;_nc_cat=107&#038;ccb=1-7&#038;_nc_sid=8bfeb9&#038;_nc_ohc=BPxGSFXpBvYAX9vFlNh&#038;_nc_ht=scontent.fuio15-1.fna&#038;oh=00_AfDj9_jO_ojrnzrsFKXiH8o-N9N5WT7gazLE7mhRCG2LFA&#038;oe=63D79E0F\" \/><\/a><br \/><a href=\"https:\/\/scontent.fuio15-1.fna.fbcdn.net\/v\/t39.30808-6\/326788082_979694052996122_8736690400072370445_n.jpg?stp=cp6_dst-jpg&#038;_nc_cat=104&#038;ccb=1-7&#038;_nc_sid=8bfeb9&#038;_nc_ohc=bzbfQGnEXPcAX_vD4eN&#038;_nc_oc=AQkKlqLrm8YZyGKjbWn-aN7gYEzFGzVkay2ztloJ9za06dfCPqKFH6jlooGmkOUVjcE&#038;_nc_ht=scontent.fuio15-1.fna&#038;oh=00_AfDgTah00Cjac3lQUnNhFREDj0wShgaeU7-Ug9Ah93ejuA&#038;oe=63D7FAF8\"><img decoding=\"async\" class=\"wp_automatic_fb_img\" title=\"\" src=\"https:\/\/scontent.fuio15-1.fna.fbcdn.net\/v\/t39.30808-6\/326788082_979694052996122_8736690400072370445_n.jpg?stp=cp6_dst-jpg&#038;_nc_cat=104&#038;ccb=1-7&#038;_nc_sid=8bfeb9&#038;_nc_ohc=bzbfQGnEXPcAX_vD4eN&#038;_nc_oc=AQkKlqLrm8YZyGKjbWn-aN7gYEzFGzVkay2ztloJ9za06dfCPqKFH6jlooGmkOUVjcE&#038;_nc_ht=scontent.fuio15-1.fna&#038;oh=00_AfDgTah00Cjac3lQUnNhFREDj0wShgaeU7-Ug9Ah93ejuA&#038;oe=63D7FAF8\" \/><\/a><\/p>\n\n                                                            <p class=\"lsvr-lore-posts__post-permalink\">\n                                                               <a href=\"https:\/\/bomberos.puyo.gob.ec\/2019\/incendio-declarado-3\/\"\n                                                                    class=\"lsvr-lore-posts__post-permalink-link\">\n                                                                    Read More                                                                <\/a>\n                                                            <\/p>\n\n                                                        <\/div>\n\n                                                    \n                                                <\/div>\n                                            <\/article>\n\n                                        <\/div>\n\n                                    \n                                        <div class=\"lsvr-grid__col lsvr-grid__col--span-4 lsvr-grid__col--md-span-6 lsvr-lore-posts__item\">\n\n                                            <article class=\"lsvr-lore-posts__post post-3489 post type-post status-publish format-standard has-post-thumbnail hentry category-sin-categoria tag-accidente tag-transito\">\n                                                <div class=\"lsvr-lore-posts__post-inner\">\n\n                                                    \n                                                        <p class=\"lsvr-lore-posts__post-thumbnail\">\n                                                            <a href=\"https:\/\/bomberos.puyo.gob.ec\/2019\/accidente-de-transito-24\/\"\n                                                                 class=\"lsvr-lore-posts__post-thumbnail-link\">\n                                                                <img width=\"700\" height=\"487\" src=\"https:\/\/bomberos.puyo.gob.ec\/2019\/wp-content\/uploads\/1674769181_ACCIDENTE-DE-TRANSITO-700x487.jpg\" class=\"attachment-medium size-medium wp-post-image\" alt=\"|ACCIDENTE DE TR\u00c1NSITO|...\" decoding=\"async\" loading=\"lazy\" srcset=\"https:\/\/bomberos.puyo.gob.ec\/2019\/wp-content\/uploads\/1674769181_ACCIDENTE-DE-TRANSITO-700x487.jpg 700w, https:\/\/bomberos.puyo.gob.ec\/2019\/wp-content\/uploads\/1674769181_ACCIDENTE-DE-TRANSITO.jpg 720w\" sizes=\"(max-width: 700px) 100vw, 700px\" \/>                                                            <\/a>\n                                                        <\/p>\n\n                                                    \n                                                    <header class=\"lsvr-lore-posts__post-header\">\n\n                                                        \n                                                            <p class=\"lsvr-lore-posts__post-meta\">\n\n                                                                \n                                                                    <span class=\"lsvr-lore-posts__post-meta-date\">\n                                                                        22 enero 2023                                                                    <\/span>\n\n                                                                \n                                                                \n                                                            <\/p>\n\n                                                        \n                                                        <h3 class=\"lsvr-lore-posts__post-title\">\n                                                            <a href=\"https:\/\/bomberos.puyo.gob.ec\/2019\/accidente-de-transito-24\/\"\n                                                                class=\"lsvr-lore-posts__post-title-link\" rel=\"bookmark\">|ACCIDENTE DE TR\u00c1NSITO|&#8230;<\/a>\n                                                        <\/h3>\n\n                                                    <\/header>\n\n                                                    \n                                                        <div class=\"lsvr-lore-posts__post-content\">\n\n                                                            <p>|ACCIDENTE DE TR\u00c1NSITO| <\/p>\n<p>La unidad A5 se dirigi\u00f3 al barrio Obrero, en el lugar se verifica una paciente de nombres J. C. C. de 25 a\u00f1os sentada en la v\u00eda quien refiere caer de una motocicleta al colisi\u00f3nar de manera frontal con un veh\u00edculo liviano una vez estabilizada es trasladada al Hospital General Puyo donde recibe el m\u00e9dico de turno.<\/p>\n<p><a href=\"https:\/\/scontent.fuio15-1.fna.fbcdn.net\/v\/t39.30808-6\/326697882_703545751444074_5659120051173011465_n.jpg?stp=cp6_dst-jpg_s720x720&#038;_nc_cat=106&#038;ccb=1-7&#038;_nc_sid=8bfeb9&#038;_nc_ohc=PLcecTIvUOkAX-N-Rk3&#038;_nc_ht=scontent.fuio15-1.fna&#038;oh=00_AfD6Gd0iSk2Hu1eZervJRllPbF3mWUqsmXRu6a7TaJJ0Rw&#038;oe=63D75025\"><img decoding=\"async\" class=\"wp_automatic_fb_img\" title=\"\" src=\"https:\/\/scontent.fuio15-1.fna.fbcdn.net\/v\/t39.30808-6\/326697882_703545751444074_5659120051173011465_n.jpg?stp=cp6_dst-jpg_s720x720&#038;_nc_cat=106&#038;ccb=1-7&#038;_nc_sid=8bfeb9&#038;_nc_ohc=PLcecTIvUOkAX-N-Rk3&#038;_nc_ht=scontent.fuio15-1.fna&#038;oh=00_AfD6Gd0iSk2Hu1eZervJRllPbF3mWUqsmXRu6a7TaJJ0Rw&#038;oe=63D75025\" \/><\/a><\/p>\n\n                                                            <p class=\"lsvr-lore-posts__post-permalink\">\n                                                               <a href=\"https:\/\/bomberos.puyo.gob.ec\/2019\/accidente-de-transito-24\/\"\n                                                                    class=\"lsvr-lore-posts__post-permalink-link\">\n                                                                    Read More                                                                <\/a>\n                                                            <\/p>\n\n                                                        <\/div>\n\n                                                    \n                                                <\/div>\n                                            <\/article>\n\n                                        <\/div>\n\n                                    \n                                        <div class=\"lsvr-grid__col lsvr-grid__col--span-4 lsvr-grid__col--md-span-6 lsvr-lore-posts__item\">\n\n                                            <article class=\"lsvr-lore-posts__post post-3492 post type-post status-publish format-standard has-post-thumbnail hentry category-sin-categoria tag-ayer tag-del tag-dia tag-enero tag-equipos tag-los tag-recibieron tag-respiracion\">\n                                                <div class=\"lsvr-lore-posts__post-inner\">\n\n                                                    \n                                                        <p class=\"lsvr-lore-posts__post-thumbnail\">\n                                                            <a href=\"https:\/\/bomberos.puyo.gob.ec\/2019\/el-dia-de-ayer-17-de-enero-del-2023-se-recibieron-los-equipos-de-respiracion\/\"\n                                                                 class=\"lsvr-lore-posts__post-thumbnail-link\">\n                                                                <img width=\"700\" height=\"488\" src=\"https:\/\/bomberos.puyo.gob.ec\/2019\/wp-content\/uploads\/El-dia-de-ayer-17-de-enero-del-2023-se-700x488.jpg\" class=\"attachment-medium size-medium wp-post-image\" alt=\"El d\u00eda de ayer 17 de enero del 2023, se recibieron los equipos de respiracion ...\" decoding=\"async\" loading=\"lazy\" srcset=\"https:\/\/bomberos.puyo.gob.ec\/2019\/wp-content\/uploads\/El-dia-de-ayer-17-de-enero-del-2023-se-700x488.jpg 700w, https:\/\/bomberos.puyo.gob.ec\/2019\/wp-content\/uploads\/El-dia-de-ayer-17-de-enero-del-2023-se-1024x713.jpg 1024w, https:\/\/bomberos.puyo.gob.ec\/2019\/wp-content\/uploads\/El-dia-de-ayer-17-de-enero-del-2023-se-768x535.jpg 768w, https:\/\/bomberos.puyo.gob.ec\/2019\/wp-content\/uploads\/El-dia-de-ayer-17-de-enero-del-2023-se-1536x1070.jpg 1536w, https:\/\/bomberos.puyo.gob.ec\/2019\/wp-content\/uploads\/El-dia-de-ayer-17-de-enero-del-2023-se.jpg 1799w\" sizes=\"(max-width: 700px) 100vw, 700px\" \/>                                                            <\/a>\n                                                        <\/p>\n\n                                                    \n                                                    <header class=\"lsvr-lore-posts__post-header\">\n\n                                                        \n                                                            <p class=\"lsvr-lore-posts__post-meta\">\n\n                                                                \n                                                                    <span class=\"lsvr-lore-posts__post-meta-date\">\n                                                                        18 enero 2023                                                                    <\/span>\n\n                                                                \n                                                                \n                                                            <\/p>\n\n                                                        \n                                                        <h3 class=\"lsvr-lore-posts__post-title\">\n                                                            <a href=\"https:\/\/bomberos.puyo.gob.ec\/2019\/el-dia-de-ayer-17-de-enero-del-2023-se-recibieron-los-equipos-de-respiracion\/\"\n                                                                class=\"lsvr-lore-posts__post-title-link\" rel=\"bookmark\">El d\u00eda de ayer 17 de enero del 2023, se recibieron los equipos de respiracion &#8230;<\/a>\n                                                        <\/h3>\n\n                                                    <\/header>\n\n                                                    \n                                                        <div class=\"lsvr-lore-posts__post-content\">\n\n                                                            <p><div><span><\/p>\n<p>El d\u00eda de ayer 17 de enero del 2023, se recibieron los equipos de respiracion aut\u00f3noma, los mismos que son parte de los equipos de protecci\u00f3n personal del bombero y que son utilizados en el momento de  combatir un incendio.<\/p>\n<p><\/span><\/div>\n<p><a href=\"https:\/\/facebook.com\/story.php?story_fbid=pfbid02Li5jtUVyCXaV4PhbwH63V818ZMYZBwHPEbHmQa9tEbGKdiGKfyLPJPkiyLxMVRMPl&amp;id=465093860312824&amp;eav=AfYXIlkjSimIevsHxP8u6M01vD-qAE-nzvpi0QNqCgAtwM2OsoerNcpA99tnndLdA7o&amp;viewer=465093860312824&amp;m_entstream_source=timeline&amp;__tn__=%2As%2As-R&amp;paipv=1\" aria-label=\"Abrir historia\" class=\"_5msj\"><\/a><\/p>\n<p><a href=\"https:\/\/scontent.fuio15-1.fna.fbcdn.net\/v\/t39.30808-6\/326330647_2962292024080339_4991484531057090203_n.jpg?stp=cp6_dst-jpg&#038;_nc_cat=109&#038;ccb=1-7&#038;_nc_sid=8bfeb9&#038;_nc_ohc=Q6Td2IIRnJIAX-HhVfr&#038;_nc_ht=scontent.fuio15-1.fna&#038;oh=00_AfAdpnoc26zO7OSTvz8AIyTghiWaBfFrCozst7FRUgotBA&#038;oe=63D8ADE8\"><img decoding=\"async\" class=\"wp_automatic_fb_img\" title=\"\" src=\"https:\/\/scontent.fuio15-1.fna.fbcdn.net\/v\/t39.30808-6\/326330647_2962292024080339_4991484531057090203_n.jpg?stp=cp6_dst-jpg&#038;_nc_cat=109&#038;ccb=1-7&#038;_nc_sid=8bfeb9&#038;_nc_ohc=Q6Td2IIRnJIAX-HhVfr&#038;_nc_ht=scontent.fuio15-1.fna&#038;oh=00_AfAdpnoc26zO7OSTvz8AIyTghiWaBfFrCozst7FRUgotBA&#038;oe=63D8ADE8\" \/><\/a><br \/><a href=\"https:\/\/scontent.fuio15-1.fna.fbcdn.net\/v\/t39.30808-6\/326171220_1625793101203932_5863856148911308862_n.jpg?stp=cp6_dst-jpg&#038;_nc_cat=109&#038;ccb=1-7&#038;_nc_sid=8bfeb9&#038;_nc_ohc=-jCDgYyhl3UAX_iyBkq&#038;_nc_ht=scontent.fuio15-1.fna&#038;oh=00_AfDQEnp2jdGZJn9sAkUwI3-iYOE3QpsEKi1Whk7IgBiRVw&#038;oe=63D72BE2\"><img decoding=\"async\" class=\"wp_automatic_fb_img\" title=\"\" src=\"https:\/\/scontent.fuio15-1.fna.fbcdn.net\/v\/t39.30808-6\/326171220_1625793101203932_5863856148911308862_n.jpg?stp=cp6_dst-jpg&#038;_nc_cat=109&#038;ccb=1-7&#038;_nc_sid=8bfeb9&#038;_nc_ohc=-jCDgYyhl3UAX_iyBkq&#038;_nc_ht=scontent.fuio15-1.fna&#038;oh=00_AfDQEnp2jdGZJn9sAkUwI3-iYOE3QpsEKi1Whk7IgBiRVw&#038;oe=63D72BE2\" \/><\/a><br \/><a href=\"https:\/\/scontent.fuio15-1.fna.fbcdn.net\/v\/t39.30808-6\/326082282_844256926652782_311307203487816420_n.jpg?stp=cp6_dst-jpg&#038;_nc_cat=102&#038;ccb=1-7&#038;_nc_sid=8bfeb9&#038;_nc_ohc=ynIYNcQZljMAX_Szv9G&#038;_nc_ht=scontent.fuio15-1.fna&#038;oh=00_AfB-To7LzKIze5m8ReUeq6hNgFL78BivjbA3f6_O27NAkw&#038;oe=63D6FC02\"><img decoding=\"async\" class=\"wp_automatic_fb_img\" title=\"\" src=\"https:\/\/scontent.fuio15-1.fna.fbcdn.net\/v\/t39.30808-6\/326082282_844256926652782_311307203487816420_n.jpg?stp=cp6_dst-jpg&#038;_nc_cat=102&#038;ccb=1-7&#038;_nc_sid=8bfeb9&#038;_nc_ohc=ynIYNcQZljMAX_Szv9G&#038;_nc_ht=scontent.fuio15-1.fna&#038;oh=00_AfB-To7LzKIze5m8ReUeq6hNgFL78BivjbA3f6_O27NAkw&#038;oe=63D6FC02\" \/><\/a><br \/><a href=\"https:\/\/scontent.fuio15-1.fna.fbcdn.net\/v\/t39.30808-6\/326191485_591359209434595_8416128250616768739_n.jpg?stp=cp6_dst-jpg&#038;_nc_cat=106&#038;ccb=1-7&#038;_nc_sid=8bfeb9&#038;_nc_ohc=Jl-slSd7ozcAX_lzUY6&#038;_nc_ht=scontent.fuio15-1.fna&#038;oh=00_AfDGC7wq3zQESgDq2RAPWcxjxzIsa4GJ5OERDBS331O9RQ&#038;oe=63D7C1F4\"><img decoding=\"async\" class=\"wp_automatic_fb_img\" title=\"\" src=\"https:\/\/scontent.fuio15-1.fna.fbcdn.net\/v\/t39.30808-6\/326191485_591359209434595_8416128250616768739_n.jpg?stp=cp6_dst-jpg&#038;_nc_cat=106&#038;ccb=1-7&#038;_nc_sid=8bfeb9&#038;_nc_ohc=Jl-slSd7ozcAX_lzUY6&#038;_nc_ht=scontent.fuio15-1.fna&#038;oh=00_AfDGC7wq3zQESgDq2RAPWcxjxzIsa4GJ5OERDBS331O9RQ&#038;oe=63D7C1F4\" \/><\/a><\/p>\n\n                                                            <p class=\"lsvr-lore-posts__post-permalink\">\n                                                               <a href=\"https:\/\/bomberos.puyo.gob.ec\/2019\/el-dia-de-ayer-17-de-enero-del-2023-se-recibieron-los-equipos-de-respiracion\/\"\n                                                                    class=\"lsvr-lore-posts__post-permalink-link\">\n                                                                    Read More                                                                <\/a>\n                                                            <\/p>\n\n                                                        <\/div>\n\n                                                    \n                                                <\/div>\n                                            <\/article>\n\n                                        <\/div>\n\n                                    \n                                        <div class=\"lsvr-grid__col lsvr-grid__col--span-4 lsvr-grid__col--md-span-6 lsvr-lore-posts__item\">\n\n                                            <article class=\"lsvr-lore-posts__post post-3495 post type-post status-publish format-standard has-post-thumbnail hentry category-sin-categoria tag-estacion tag-reporte tag-x2\">\n                                                <div class=\"lsvr-lore-posts__post-inner\">\n\n                                                    \n                                                        <p class=\"lsvr-lore-posts__post-thumbnail\">\n                                                            <a href=\"https:\/\/bomberos.puyo.gob.ec\/2019\/reporte-estacion-x2\/\"\n                                                                 class=\"lsvr-lore-posts__post-thumbnail-link\">\n                                                                <img width=\"554\" height=\"700\" src=\"https:\/\/bomberos.puyo.gob.ec\/2019\/wp-content\/uploads\/REPORTE-ESTACION-X2-554x700.jpg\" class=\"attachment-medium size-medium wp-post-image\" alt=\"*REPORTE ESTACI\u00d3N X2*...\" decoding=\"async\" loading=\"lazy\" srcset=\"https:\/\/bomberos.puyo.gob.ec\/2019\/wp-content\/uploads\/REPORTE-ESTACION-X2-554x700.jpg 554w, https:\/\/bomberos.puyo.gob.ec\/2019\/wp-content\/uploads\/REPORTE-ESTACION-X2-811x1024.jpg 811w, https:\/\/bomberos.puyo.gob.ec\/2019\/wp-content\/uploads\/REPORTE-ESTACION-X2-768x970.jpg 768w, https:\/\/bomberos.puyo.gob.ec\/2019\/wp-content\/uploads\/REPORTE-ESTACION-X2.jpg 1140w\" sizes=\"(max-width: 554px) 100vw, 554px\" \/>                                                            <\/a>\n                                                        <\/p>\n\n                                                    \n                                                    <header class=\"lsvr-lore-posts__post-header\">\n\n                                                        \n                                                            <p class=\"lsvr-lore-posts__post-meta\">\n\n                                                                \n                                                                    <span class=\"lsvr-lore-posts__post-meta-date\">\n                                                                        11 enero 2023                                                                    <\/span>\n\n                                                                \n                                                                \n                                                            <\/p>\n\n                                                        \n                                                        <h3 class=\"lsvr-lore-posts__post-title\">\n                                                            <a href=\"https:\/\/bomberos.puyo.gob.ec\/2019\/reporte-estacion-x2\/\"\n                                                                class=\"lsvr-lore-posts__post-title-link\" rel=\"bookmark\">*REPORTE ESTACI\u00d3N X2*&#8230;<\/a>\n                                                        <\/h3>\n\n                                                    <\/header>\n\n                                                    \n                                                        <div class=\"lsvr-lore-posts__post-content\">\n\n                                                            <p>*REPORTE ESTACI\u00d3N X2*<\/p>\n<p>|FUEGO INCIPIENTE|<\/p>\n<p>La unidad se dirige a la emergencia, llegando al lugar, nos informan que una cocina se encuentra encendida en un departamento del tercer piso, el cual esta cerrado he impide el acceso por la puerta principal.<br \/>\nSe verifica el lugar y se coloca una escalera de extensi\u00f3n para lograr el ingreso, una vez en el lugar, se procede apagar la cocina, se realiza una ventilaci\u00f3n adecuada dejando la zona segura y permitiendo el ingreso del propietario.<br \/>\nDatos del alertante: J. R. C. Y.<\/p>\n<p><a href=\"https:\/\/scontent.fuio15-1.fna.fbcdn.net\/v\/t39.30808-6\/324741173_692919235614952_8820571826484271083_n.jpg?stp=cp6_dst-jpg&#038;_nc_cat=106&#038;ccb=1-7&#038;_nc_sid=8bfeb9&#038;_nc_ohc=hWbMx7wwcWoAX_fE6RS&#038;_nc_ht=scontent.fuio15-1.fna&#038;oh=00_AfBOxxzggJptu2f4XHodEn4WxvY2zRlrCjZN2xuLyJZ-EA&#038;oe=63D8432E\"><img decoding=\"async\" class=\"wp_automatic_fb_img\" title=\"\" src=\"https:\/\/scontent.fuio15-1.fna.fbcdn.net\/v\/t39.30808-6\/324741173_692919235614952_8820571826484271083_n.jpg?stp=cp6_dst-jpg&#038;_nc_cat=106&#038;ccb=1-7&#038;_nc_sid=8bfeb9&#038;_nc_ohc=hWbMx7wwcWoAX_fE6RS&#038;_nc_ht=scontent.fuio15-1.fna&#038;oh=00_AfBOxxzggJptu2f4XHodEn4WxvY2zRlrCjZN2xuLyJZ-EA&#038;oe=63D8432E\" \/><\/a><br \/><a href=\"https:\/\/scontent.fuio15-1.fna.fbcdn.net\/v\/t39.30808-6\/324734146_738482930708666_2799230186671535775_n.jpg?stp=cp6_dst-jpg&#038;_nc_cat=111&#038;ccb=1-7&#038;_nc_sid=8bfeb9&#038;_nc_ohc=vuSKzS1BX4QAX9eN_Qm&#038;_nc_ht=scontent.fuio15-1.fna&#038;oh=00_AfCh2pRy4AFX07ydPWrdInrXDhq2znZamCuOmAT9UcK2kg&#038;oe=63D76433\"><img decoding=\"async\" class=\"wp_automatic_fb_img\" title=\"\" src=\"https:\/\/scontent.fuio15-1.fna.fbcdn.net\/v\/t39.30808-6\/324734146_738482930708666_2799230186671535775_n.jpg?stp=cp6_dst-jpg&#038;_nc_cat=111&#038;ccb=1-7&#038;_nc_sid=8bfeb9&#038;_nc_ohc=vuSKzS1BX4QAX9eN_Qm&#038;_nc_ht=scontent.fuio15-1.fna&#038;oh=00_AfCh2pRy4AFX07ydPWrdInrXDhq2znZamCuOmAT9UcK2kg&#038;oe=63D76433\" \/><\/a><\/p>\n\n                                                            <p class=\"lsvr-lore-posts__post-permalink\">\n                                                               <a href=\"https:\/\/bomberos.puyo.gob.ec\/2019\/reporte-estacion-x2\/\"\n                                                                    class=\"lsvr-lore-posts__post-permalink-link\">\n                                                                    Read More                                                                <\/a>\n                                                            <\/p>\n\n                                                        <\/div>\n\n                                                    \n                                                <\/div>\n                                            <\/article>\n\n                                        <\/div>\n\n                                    \n                                        <div class=\"lsvr-grid__col lsvr-grid__col--span-4 lsvr-grid__col--md-span-6 lsvr-lore-posts__item\">\n\n                                            <article class=\"lsvr-lore-posts__post post-3498 post type-post status-publish format-standard has-post-thumbnail hentry category-sin-categoria tag-emergencia tag-medica\">\n                                                <div class=\"lsvr-lore-posts__post-inner\">\n\n                                                    \n                                                        <p class=\"lsvr-lore-posts__post-thumbnail\">\n                                                            <a href=\"https:\/\/bomberos.puyo.gob.ec\/2019\/emergencia-medica-85\/\"\n                                                                 class=\"lsvr-lore-posts__post-thumbnail-link\">\n                                                                <img width=\"700\" height=\"487\" src=\"https:\/\/bomberos.puyo.gob.ec\/2019\/wp-content\/uploads\/1674783782_EMERGENCIA-MEDICA-700x487.jpg\" class=\"attachment-medium size-medium wp-post-image\" alt=\"|EMERGENCIA M\u00c9DICA|...\" decoding=\"async\" loading=\"lazy\" srcset=\"https:\/\/bomberos.puyo.gob.ec\/2019\/wp-content\/uploads\/1674783782_EMERGENCIA-MEDICA-700x487.jpg 700w, https:\/\/bomberos.puyo.gob.ec\/2019\/wp-content\/uploads\/1674783782_EMERGENCIA-MEDICA.jpg 720w\" sizes=\"(max-width: 700px) 100vw, 700px\" \/>                                                            <\/a>\n                                                        <\/p>\n\n                                                    \n                                                    <header class=\"lsvr-lore-posts__post-header\">\n\n                                                        \n                                                            <p class=\"lsvr-lore-posts__post-meta\">\n\n                                                                \n                                                                    <span class=\"lsvr-lore-posts__post-meta-date\">\n                                                                        8 enero 2023                                                                    <\/span>\n\n                                                                \n                                                                \n                                                            <\/p>\n\n                                                        \n                                                        <h3 class=\"lsvr-lore-posts__post-title\">\n                                                            <a href=\"https:\/\/bomberos.puyo.gob.ec\/2019\/emergencia-medica-85\/\"\n                                                                class=\"lsvr-lore-posts__post-title-link\" rel=\"bookmark\">|EMERGENCIA M\u00c9DICA|&#8230;<\/a>\n                                                        <\/h3>\n\n                                                    <\/header>\n\n                                                    \n                                                        <div class=\"lsvr-lore-posts__post-content\">\n\n                                                            <p>|EMERGENCIA M\u00c9DICA|<\/p>\n<p>En coordinaci\u00f3n con el ECU-911, la unidad R3 se dirige a realizar la extracci\u00f3n de un paciente en el Km14 perteneciente a la comunidad Chapinza, a un paciente de sexo masculino fe 21 a\u00f1os de edad, mismo que presenta un trauma de pie derecho producto de un encuentro deportivo (f\u00fatbol), posterior se toma  contacto con la  ambulancia del Ministerio de Salud A26 quienes se hicieron cargo del paciente.<\/p>\n<p><a href=\"https:\/\/scontent.fuio15-1.fna.fbcdn.net\/v\/t39.30808-6\/324570783_1404795759927834_3150290562352453577_n.jpg?stp=cp6_dst-jpg_s720x720&#038;_nc_cat=106&#038;ccb=1-7&#038;_nc_sid=8bfeb9&#038;_nc_ohc=Xk70-PwvhAwAX-Udrid&#038;_nc_ht=scontent.fuio15-1.fna&#038;oh=00_AfCXCFoDpfG3vNhJoJKOSiIjxAu3IsszEFdEsKuj33-_BQ&#038;oe=63D75BB3\"><img decoding=\"async\" class=\"wp_automatic_fb_img\" title=\"\" src=\"https:\/\/scontent.fuio15-1.fna.fbcdn.net\/v\/t39.30808-6\/324570783_1404795759927834_3150290562352453577_n.jpg?stp=cp6_dst-jpg_s720x720&#038;_nc_cat=106&#038;ccb=1-7&#038;_nc_sid=8bfeb9&#038;_nc_ohc=Xk70-PwvhAwAX-Udrid&#038;_nc_ht=scontent.fuio15-1.fna&#038;oh=00_AfCXCFoDpfG3vNhJoJKOSiIjxAu3IsszEFdEsKuj33-_BQ&#038;oe=63D75BB3\" \/><\/a><\/p>\n\n                                                            <p class=\"lsvr-lore-posts__post-permalink\">\n                                                               <a href=\"https:\/\/bomberos.puyo.gob.ec\/2019\/emergencia-medica-85\/\"\n                                                                    class=\"lsvr-lore-posts__post-permalink-link\">\n                                                                    Read More                                                                <\/a>\n                                                            <\/p>\n\n                                                        <\/div>\n\n                                                    \n                                                <\/div>\n                                            <\/article>\n\n                                        <\/div>\n\n                                    \n                                        <div class=\"lsvr-grid__col lsvr-grid__col--span-4 lsvr-grid__col--md-span-6 lsvr-lore-posts__item\">\n\n                                            <article class=\"lsvr-lore-posts__post post-3501 post type-post status-publish format-standard has-post-thumbnail hentry category-sin-categoria tag-emergencia tag-medica\">\n                                                <div class=\"lsvr-lore-posts__post-inner\">\n\n                                                    \n                                                        <p class=\"lsvr-lore-posts__post-thumbnail\">\n                                                            <a href=\"https:\/\/bomberos.puyo.gob.ec\/2019\/emergencia-medica-86\/\"\n                                                                 class=\"lsvr-lore-posts__post-thumbnail-link\">\n                                                                <img width=\"700\" height=\"486\" src=\"https:\/\/bomberos.puyo.gob.ec\/2019\/wp-content\/uploads\/1674787569_EMERGENCIA-MEDICA-700x486.jpg\" class=\"attachment-medium size-medium wp-post-image\" alt=\"|EMERGENCIA M\u00c9DICA|...\" decoding=\"async\" loading=\"lazy\" srcset=\"https:\/\/bomberos.puyo.gob.ec\/2019\/wp-content\/uploads\/1674787569_EMERGENCIA-MEDICA-700x486.jpg 700w, https:\/\/bomberos.puyo.gob.ec\/2019\/wp-content\/uploads\/1674787569_EMERGENCIA-MEDICA.jpg 720w\" sizes=\"(max-width: 700px) 100vw, 700px\" \/>                                                            <\/a>\n                                                        <\/p>\n\n                                                    \n                                                    <header class=\"lsvr-lore-posts__post-header\">\n\n                                                        \n                                                            <p class=\"lsvr-lore-posts__post-meta\">\n\n                                                                \n                                                                    <span class=\"lsvr-lore-posts__post-meta-date\">\n                                                                        8 enero 2023                                                                    <\/span>\n\n                                                                \n                                                                \n                                                            <\/p>\n\n                                                        \n                                                        <h3 class=\"lsvr-lore-posts__post-title\">\n                                                            <a href=\"https:\/\/bomberos.puyo.gob.ec\/2019\/emergencia-medica-86\/\"\n                                                                class=\"lsvr-lore-posts__post-title-link\" rel=\"bookmark\">|EMERGENCIA M\u00c9DICA|&#8230;<\/a>\n                                                        <\/h3>\n\n                                                    <\/header>\n\n                                                    \n                                                        <div class=\"lsvr-lore-posts__post-content\">\n\n                                                            <p>|EMERGENCIA M\u00c9DICA|<\/p>\n<p>La unidad A5 se dirigi\u00f3 a la la Av. 9 de octubre y Bolivar, donde se atiende a un paciente de sexo masculino de 54 a\u00f1os de edad, mismo que presenta estado post ictal producto de una crisis convulsiva, es estabilizado y atendido en el lugar quedando a cargo del mismo paciente con indicaciones y recomendaciones.<\/p>\n<p><a href=\"https:\/\/scontent.fuio15-1.fna.fbcdn.net\/v\/t39.30808-6\/324099415_1111662032841181_515379510123890122_n.jpg?stp=cp6_dst-jpg_s720x720&#038;_nc_cat=111&#038;ccb=1-7&#038;_nc_sid=8bfeb9&#038;_nc_ohc=ODTQb23S8VUAX9lMN5e&#038;_nc_ht=scontent.fuio15-1.fna&#038;oh=00_AfDx6m-Et1bHjCs7lFHNlcLoJTRmH2iOLaBYz6io5FttFg&#038;oe=63D7C0AE\"><img decoding=\"async\" class=\"wp_automatic_fb_img\" title=\"\" src=\"https:\/\/scontent.fuio15-1.fna.fbcdn.net\/v\/t39.30808-6\/324099415_1111662032841181_515379510123890122_n.jpg?stp=cp6_dst-jpg_s720x720&#038;_nc_cat=111&#038;ccb=1-7&#038;_nc_sid=8bfeb9&#038;_nc_ohc=ODTQb23S8VUAX9lMN5e&#038;_nc_ht=scontent.fuio15-1.fna&#038;oh=00_AfDx6m-Et1bHjCs7lFHNlcLoJTRmH2iOLaBYz6io5FttFg&#038;oe=63D7C0AE\" \/><\/a><\/p>\n\n                                                            <p class=\"lsvr-lore-posts__post-permalink\">\n                                                               <a href=\"https:\/\/bomberos.puyo.gob.ec\/2019\/emergencia-medica-86\/\"\n                                                                    class=\"lsvr-lore-posts__post-permalink-link\">\n                                                                    Read More                                                                <\/a>\n                                                            <\/p>\n\n                                                        <\/div>\n\n                                                    \n                                                <\/div>\n                                            <\/article>\n\n                                        <\/div>\n\n                                    \n                                <\/div>\n\n                            \n                            \n                                <footer class=\"lsvr-lore-posts__footer\">\n\n                                    <p class=\"lsvr-lore-posts__more\">\n\n                                        \n                                            <a href=\"https:\/\/bomberos.puyo.gob.ec\/2019\/blog\/\"\n                                                class=\"c-button lsvr-lore-posts__more-link\">M\u00e1s Publicaciones<\/a>\n\n                                        \n                                    <\/p>\n\n                                <\/footer>\n\n                            \n                        <\/div>\n                    <\/div>\n                <\/div>\n            <\/section>\n            <!-- LORE POSTS : end -->\n\n            ","protected":false},"excerpt":{"rendered":"<p>ASPIRANTES A BOMBEROS VOLUNTARIOS El Cuerpo de Bomberos Municipales del Cant\u00f3n Pastaza, con el objetivo de incrementar la capacidad operativa de respuesta a eventos adversos dentro de la jurisdicci\u00f3n de la provincia, convoca a quienes deseen ser parte del Curso de Formaci\u00f3n y capacitaci\u00f3n para Aspirantes a Bomberos Voluntarios \u2013 \u201cTercera Promoci\u00f3n\u201d. En este curso [&hellip;]<\/p>\n","protected":false},"author":1,"featured_media":0,"parent":0,"menu_order":0,"comment_status":"closed","ping_status":"closed","template":"","meta":[],"_links":{"self":[{"href":"https:\/\/bomberos.puyo.gob.ec\/2019\/wp-json\/wp\/v2\/pages\/9"}],"collection":[{"href":"https:\/\/bomberos.puyo.gob.ec\/2019\/wp-json\/wp\/v2\/pages"}],"about":[{"href":"https:\/\/bomberos.puyo.gob.ec\/2019\/wp-json\/wp\/v2\/types\/page"}],"author":[{"embeddable":true,"href":"https:\/\/bomberos.puyo.gob.ec\/2019\/wp-json\/wp\/v2\/users\/1"}],"replies":[{"embeddable":true,"href":"https:\/\/bomberos.puyo.gob.ec\/2019\/wp-json\/wp\/v2\/comments?post=9"}],"version-history":[{"count":19,"href":"https:\/\/bomberos.puyo.gob.ec\/2019\/wp-json\/wp\/v2\/pages\/9\/revisions"}],"predecessor-version":[{"id":3550,"href":"https:\/\/bomberos.puyo.gob.ec\/2019\/wp-json\/wp\/v2\/pages\/9\/revisions\/3550"}],"wp:attachment":[{"href":"https:\/\/bomberos.puyo.gob.ec\/2019\/wp-json\/wp\/v2\/media?parent=9"}],"curies":[{"name":"wp","href":"https:\/\/api.w.org\/{rel}","templated":true}]}}